{"id":77,"date":"2019-05-24T08:04:26","date_gmt":"2019-05-24T06:04:26","guid":{"rendered":"https:\/\/veranoysaludandalucia.es\/verano2019\/?page_id=77"},"modified":"2024-04-19T12:25:19","modified_gmt":"2024-04-19T10:25:19","slug":"accidentes","status":"publish","type":"page","link":"https:\/\/www.veranoysaludandalucia.es\/2024\/accidentes\/","title":{"rendered":"Accidentes"},"content":{"rendered":"<div class=\"wpb-content-wrapper\"><p>[vc_row full_width=&#8221;stretch_row&#8221; gap=&#8221;0&#8243; css=&#8221;.vc_custom_1622477793018{margin-top: 0px !important;margin-right: 0px !important;margin-bottom: 0px !important;margin-left: 0px !important;padding-top: 0px !important;padding-right: 0px !important;padding-bottom: 0px !important;padding-left: 0px !important;}&#8221;][vc_column css=&#8221;.vc_custom_1622142216200{margin: 0px !important;padding: 0px !important;border: 0px initial !important;}&#8221;]<style>.ld_spacer_69f2d57b58c3f{height:250px;}<\/style>\n<div class=\"ld-empty-space ld_spacer_69f2d57b58c3f\"><span class=\"liquid_empty_space_inner\"><\/span><\/div>[vc_single_image image=&#8221;2616&#8243; img_size=&#8221;full&#8221; alignment=&#8221;center&#8221;][\/vc_column][\/vc_row][vc_row gap=&#8221;0&#8243; css=&#8221;.vc_custom_1622144126385{margin-top: 0px !important;margin-right: 0px !important;margin-bottom: 0px !important;margin-left: 0px !important;border-top-width: 0px !important;border-right-width: 0px !important;border-bottom-width: 0px !important;border-left-width: 0px !important;padding-top: 0px !important;padding-right: 0px !important;padding-bottom: 0px !important;padding-left: 0px !important;border-left-style: solid !important;border-right-style: solid !important;border-top-style: solid !important;border-bottom-style: solid !important;}&#8221;][vc_column css=&#8221;.vc_custom_1622144222319{margin-top: -150px !important;}&#8221;][vc_row_inner css=&#8221;.vc_custom_1713522224110{margin-top: 0px !important;margin-right: 60px !important;margin-bottom: 0px !important;margin-left: 60px !important;border-top-width: 1px !important;border-right-width: 1px !important;border-bottom-width: 1px !important;border-left-width: 1px !important;padding-top: 40px !important;padding-right: 40px !important;padding-bottom: 40px !important;padding-left: 40px !important;background-color: #e0bae2 !important;border-radius: 30px !important;}&#8221;][vc_column_inner]<style>.ld_section_title_69f2d57b58f88 h2{font-size:40px;color:rgb(255, 255, 255);margin-bottom:0px !important;;}<\/style><header class=\"fancy-title ld_section_title_69f2d57b58f88 vc_custom_1622486780359\">\n\t<h2>Prevenci\u00f3n de accidentes<\/h2>\t\t<\/header>[vc_column_text el_class=&#8221;blanco&#8221; css=&#8221;.vc_custom_1683390544485{margin-top: 5px !important;}&#8221;]<span style=\"color: #000000;\">El verano es la \u00e9poca en la que mayor tiempo estamos fuera de nuestro domicilio, por lo que estamos mas expuestos al riesgo de sufrir accidentes, m\u00e1xime al encontrarnos en espacios y lugares que normalmente desconocemos, que visitamos al realizar excursiones o en zonas de playa y monta\u00f1a.<\/span>[\/vc_column_text][\/vc_column_inner][\/vc_row_inner]<style>.ld_spacer_69f2d57b59386{height:50px;}<\/style>\n<div class=\"ld-empty-space ld_spacer_69f2d57b59386\"><span class=\"liquid_empty_space_inner\"><\/span><\/div>[\/vc_column][\/vc_row][vc_row bg_position=&#8221;right center&#8221; css=&#8221;.vc_custom_1559154747814{margin-top: 0px !important;padding-top: 0px !important;background-position: center !important;background-repeat: no-repeat !important;background-size: cover !important;}&#8221;][vc_column][vc_row_inner][vc_column_inner offset=&#8221;vc_col-lg-8&#8243;]<style>.ld_section_title_69f2d57b595f1 h2{color:rgb(15, 109, 44);}<\/style><header class=\"fancy-title ld_section_title_69f2d57b595f1 vc_custom_1559665598714\">\n\t<h2><i class=\"fa fa-hand-o-right\"><\/i> Consejos<\/h2>\t\t<\/header>[\/vc_column_inner][\/vc_row_inner][vc_row_inner content_placement=&#8221;top&#8221; bg_position=&#8221;right center&#8221; css=&#8221;.vc_custom_1559154664785{margin-top: 0px !important;padding-top: 0px !important;background-position: center !important;background-repeat: no-repeat !important;background-size: contain !important;}&#8221;][vc_column_inner width=&#8221;1\/3&#8243; css=&#8221;.vc_custom_1559157072420{padding-right: 20px !important;padding-left: 20px !important;}&#8221;][vc_column_text el_class=&#8221;milista&#8221;]Debemos hacer especial hincapi\u00e9 en la adecuaci\u00f3n de la vivienda denominada \u201csegunda residencia\u201d o \u201calquiler\u201d en \u00e9poca estival, dado que si bien normalmente disponemos de las medidas y dispositivos de seguridad en nuestros domicilios habituales debemos asegurarnos de adecuar la vivienda estival del mismo modo para minimizar los riesgos de sufrir un accidente.[\/vc_column_text][\/vc_column_inner][vc_column_inner width=&#8221;1\/3&#8243; css=&#8221;.vc_custom_1559151438481{padding-right: 20px !important;padding-left: 20px !important;}&#8221;][vc_column_text el_class=&#8221;milista&#8221;]Tambi\u00e9n es la estaci\u00f3n en la que m\u00e1s desplazamientos realizamos por lo que debemos ser extremadamente cuidadosos con el seguimiento de las recomendaciones y medidas de seguridad tanto en nuestra movilidad; en veh\u00edculos, a pie o en bicicleta.[\/vc_column_text][\/vc_column_inner][vc_column_inner width=&#8221;1\/3&#8243;][vc_column_text el_class=&#8221;milista&#8221;]Del mismo modo el calor, t\u00edpico de esta estaci\u00f3n, conlleva adem\u00e1s de convivir en familia de un periodo vacacional (viajes, ba\u00f1o en piscinas y playas , \u2026 ) la exposici\u00f3n a sus riesgos inherentes, ante lo cual es preciso conocer y poner en pr\u00e1ctica las medidas preventivas necesarias para nuestro disfrute en un marco de seguridad y salud para nosotros y nuestra familia.[\/vc_column_text][\/vc_column_inner][\/vc_row_inner][\/vc_column][\/vc_row][vc_row gap=&#8221;30&#8243; equal_height=&#8221;yes&#8221; css=&#8221;.vc_custom_1559586508620{margin-bottom: 4px !important;padding-top: 40px !important;padding-bottom: 40px !important;}&#8221;][vc_column][vc_separator][\/vc_column][\/vc_row][vc_row][vc_column]<header class=\"fancy-title text-center ld_section_title_69f2d57b59887 vc_custom_1559665894253\">\n\t<h2>Entre los principales accidentes en verano tenemos<\/h2>\t\t<\/header>[\/vc_column][\/vc_row][vc_row css=&#8221;.vc_custom_1559597130566{border-bottom-width: 60px !important;}&#8221;][vc_column]<style>.ld_section_title_69f2d57b59b1b h4{color:rgb(238, 73, 35);}<\/style><header class=\"fancy-title ld_section_title_69f2d57b59b1b vc_custom_1559665872683\">\n\t<h4><i class=\"fa fa-car\"><\/i> Accidentes de tr\u00e1fico<\/h4>\t\t<\/header>[vc_column_text el_class=&#8221;milista&#8221; css=&#8221;.vc_custom_1559666080164{padding-bottom: 40px !important;}&#8221;]Prevenci\u00f3n de accidentes de tr\u00e1fico para una movilidad segura y responsable en veh\u00edculos, a pie o bicicleta<\/p>\n<p>En este apartado se ofrecen recomendaciones y consejos para prevenir accidentes de tr\u00e1fico durante la \u00e9poca veraniega.<\/p>\n<p>Entre los principales accidentes en verano tenemos:[\/vc_column_text]<style>.vc_accordion_69f2d57b8478c .accordion-title{font-size:19px;line-height:1.5em;}.vc_accordion_69f2d57b8478c .accordion-title a{color:rgb(0, 0, 0);background:rgb(171, 242, 227);}.vc_accordion_69f2d57b8478c .active .accordion-title a{color:rgb(0, 0, 0);background:rgb(171, 242, 227);}.vc_accordion_69f2d57b8478c .accordion-title a, .vc_accordion_69f2d57b8478c .accordion-item{border-color:rgb(255, 255, 255);}.vc_accordion_69f2d57b8478c .active .accordion-title a, .vc_accordion_69f2d57b8478c .accordion-item.active{border-color:rgb(255, 255, 255);}.vc_accordion_69f2d57b8478c .accordion-expander{color:rgb(159, 159, 159);}.vc_accordion_69f2d57b8478c .active .accordion-expander{color:rgb(15, 109, 44);}<\/style><div class=\"accordion accordion-sm accordion-active-has-fill accordion-body-underlined accordion-expander-lg vc_accordion_69f2d57b8478c\" id=\"vc_accordion_69f2d57b8478c\" role=\"tablist\" aria-multiselectable=\"true\">\n\n\t<div class=\"accordion-item panel  active \">\n\n\t\t<div class=\"accordion-heading\" role=\"tab\" id=\"heading_1532074942188-28a08668-799f1d69-93a43c0a-953915db-fdba\">\n\t\t\t<h4 class=\"accordion-title\">\n\t\t\t\t<a class=\"\" data-toggle=\"collapse\" data-parent=\"#vc_accordion_69f2d57b8478c\" href=\"#1532074942188-28a08668-799f1d69-93a43c0a-953915db-fdba\" aria-expanded=\"true\" aria-controls=\"1532074942188-28a08668-799f1d69-93a43c0a-953915db-fdba\">\n\t\t\t\t\t\n\t\t\t\t\t\n\t\t\t\t\tA pie y en bici\n\t\t\t\t\t\t\t\t\t\t<span class=\"accordion-expander\">\n\t\t\t\t\t\t<i class=\"icon-arrows_circle_plus\"><\/i>\n\t\t\t\t\t\t<i class=\"icon-arrows_circle_minus\"><\/i>\n\t\t\t\t\t<\/span>\n\t\t\t\t\t\n\t\t\t\t<\/a>\n\t\t\t\t\n\t\t\t<\/h4>\n\t\t<\/div>\n\n\t\t<div id=\"1532074942188-28a08668-799f1d69-93a43c0a-953915db-fdba\" class=\"accordion-collapse collapse in\" role=\"tabpanel\" aria-labelledby=\"heading_1532074942188-28a08668-799f1d69-93a43c0a-953915db-fdba\">\n\t\t\t<div class=\"accordion-content\">\n\t\t\t<p>[vc_column_text el_class=&#8221;milista&#8221;]Desde los 2 a\u00f1os, ni\u00f1os y ni\u00f1as aprenden c\u00f3mo caminar por la calle y empiezan a montar en bicicleta. Para que se muevan de forma segura y saludable, a continuaci\u00f3n se ofrecen algunas recomendaciones:<\/p>\n<ul>\n<li>Ens\u00e9\u00f1eles a cruzar siempre por lugares seguros: pasos de peatones o regulados por sem\u00e1foro, mirando antes a ambos lados y sin correr.<\/li>\n<li>Caminar y moverse con seguridad. Siempre por el interior de la acera, sin correr, lejos del bordillo y prestando atenci\u00f3n a las salidas de los garajes. Si el ni\u00f1o o ni\u00f1a es menor de 6 a\u00f1os deber\u00e1 ir de la mano de una persona adulta.<\/li>\n<li>Ens\u00e9\u00f1eles a no jugar alrededor ni detr\u00e1s de veh\u00edculos ni en los garajes, a cruzar al menos tres metros por delante de un coche y a alejarse en cuanto se ponen en marcha.<\/li>\n<li>Peligrosa \u201cmarcha atr\u00e1s\u201d. Debido a su estatura, los ni\u00f1os y ni\u00f1as m\u00e1s peque\u00f1os se vuelven \u201cinvisibles\u201d al conductor, sobre todo si est\u00e1n muy cerca o detr\u00e1s.<\/li>\n<li>Tras la reciente modificaci\u00f3n de la Ley de Tr\u00e1fico es obligatorio el uso de casco en bicicletas en todos los menores de 16 a\u00f1os , tanto en v\u00edas urbanas como interurbanas.<\/li>\n<li>Ens\u00e9\u00f1eles a dejar las bicicletas, patinetes o juguetes fuera de la calzada y a jugar en lugares adecuados para ello: parques, jardines, no sobre la acera ni en la calzada aunque sea poco transitada.<\/li>\n<li>Cuando una pelota invade la calzada puede ser la antesala de un atropello dado que un ni\u00f1o o ni\u00f1a puede aparecer a continuaci\u00f3n para recuperarla.<br \/>\nUtilice materiales reflectores en la bicicleta, silla infantil, ropa, mochila para ir al colegio. Es aconsejable \u201chacernos visibles\u201d con reflectantes tanto si somos peatones como si somos ciclistas, sobre todo cuando la visibilidad sea baja.<\/li>\n<li>Cuando circulan en bicicleta, si es de noche o hay poca visibilidad, deben llevar luz de posici\u00f3n blanca delante y roja detr\u00e1s; y alguna prenda reflectante, preferentemente a la altura de la rodilla para facilitar el reflejo de luz de los faros de vehiculos.<\/li>\n<li>Recuerde que el ciclista no es un peat\u00f3n. Debe respetar todas las se\u00f1ales, circular por la derecha y si es posible por el carril bici. Nunca en sentido contrario. Y se\u00f1alizar con el brazo cualquier cambio de direcci\u00f3n.<\/li>\n<li>Cuando circulen en bicicleta o monopatines no deben de llevar puestos auriculares conectados a reproductores de sonido, receptores o tel\u00e9fonos m\u00f3viles porque les a\u00edslan del entorno y no percibimos las se\u00f1ales ac\u00fasticas de advertencia o peligro.<\/li>\n<li>Si van en grupo con las bicicletas, es mejor no circular en paralelo. Como m\u00e1ximo, en columna de a dos, pero es mejor en fila india.<\/li>\n<\/ul>\n<p><figure class=\"wp-block-embed wp-block-embed-youtube is-type-video is-provider-youtube epyt-figure\"><div class=\"wp-block-embed__wrapper\"><iframe loading=\"lazy\"  id=\"_ytid_27956\"  width=\"780\" height=\"439\"  data-origwidth=\"780\" data-origheight=\"439\" src=\"https:\/\/www.youtube.com\/embed\/FttEHkGUG00?enablejsapi=1&autoplay=0&cc_load_policy=0&cc_lang_pref=&iv_load_policy=1&loop=0&rel=1&fs=1&playsinline=0&autohide=2&theme=dark&color=red&controls=1&disablekb=0&\" class=\"__youtube_prefs__  no-lazyload\" title=\"YouTube player\"  allow=\"fullscreen; accelerometer; autoplay; clipboard-write; encrypted-media; gyroscope; picture-in-picture; web-share\" referrerpolicy=\"strict-origin-when-cross-origin\" allowfullscreen data-no-lazy=\"1\" data-skipgform_ajax_framebjll=\"\"><\/iframe><\/div><\/figure>[\/vc_column_text]<\/p>\n\t\t\t<\/div>\n\t\t<\/div>\n\t<\/div>\n\t<div class=\"accordion-item panel  \">\n\n\t\t<div class=\"accordion-heading\" role=\"tab\" id=\"heading_ld-1532075226851-84f4170a-260f1d69-93a43c0a-953915db-fdba\">\n\t\t\t<h4 class=\"accordion-title\">\n\t\t\t\t<a class=\"collapsed\" data-toggle=\"collapse\" data-parent=\"#vc_accordion_69f2d57b8478c\" href=\"#ld-1532075226851-84f4170a-260f1d69-93a43c0a-953915db-fdba\" aria-expanded=\"false\" aria-controls=\"ld-1532075226851-84f4170a-260f1d69-93a43c0a-953915db-fdba\">\n\t\t\t\t\t\n\t\t\t\t\t\n\t\t\t\t\tEn veh\u00edculos\n\t\t\t\t\t\t\t\t\t\t<span class=\"accordion-expander\">\n\t\t\t\t\t\t<i class=\"icon-arrows_circle_plus\"><\/i>\n\t\t\t\t\t\t<i class=\"icon-arrows_circle_minus\"><\/i>\n\t\t\t\t\t<\/span>\n\t\t\t\t\t\n\t\t\t\t<\/a>\n\t\t\t\t\n\t\t\t<\/h4>\n\t\t<\/div>\n\n\t\t<div id=\"ld-1532075226851-84f4170a-260f1d69-93a43c0a-953915db-fdba\" class=\"accordion-collapse collapse\" role=\"tabpanel\" aria-labelledby=\"heading_ld-1532075226851-84f4170a-260f1d69-93a43c0a-953915db-fdba\">\n\t\t\t<div class=\"accordion-content\">\n\t\t\t<p>[vc_column_text el_class=&#8221;milista&#8221; css=&#8221;.vc_custom_1559666672281{padding-bottom: 40px !important;}&#8221;]Para los desplazamientos en veh\u00edculos no s\u00f3lo en verano sino durante todo el a\u00f1o, se ofrecen las siguientes recomendaciones:<\/p>\n<ul>\n<li>Se debe usar dispositivo de retenci\u00f3n infantil (sillita, coj\u00edn elevador,) hasta una estatura de 1metro 35 cm como m\u00ednimo, incluso en veh\u00edculos de alquiler u de uso ocasional, muy habitual en verano.<\/li>\n<li>Especial cuidado con el calzado inadecuado en estas fechas (chanclas, tacones altos, etc) que pueden ocasionar problemas con los pedales del veh\u00edculo.<\/li>\n<li>Para consultar planos de carreteras, mapas o programar navegadores es preciso parar el vehiculo fuera de la calzada.<\/li>\n<li>Al visitar espacios naturales no conducir a velocidad anormalmente reducida ni dirigir la mirada hacia los paisajes para evitar reacciones bruscas ante despistes. Debemos estacionar el veh\u00edculo en los lugares adecuados o miradores y desde all\u00ed dedicar el tiempo necesario a \u201crecrear la vista\u201d.<\/li>\n<li>Estacionar los veh\u00edculos a una distancia m\u00e1s que prudencial de los cauces de los r\u00edos (aunque sean \u201cviejos\u201d o en desuso).<\/li>\n<li>No adentrarse en sendas cercanas a r\u00edos o mar, carentes de visibilidad suficiente como para identificar cualquier peligro, y por supuesto tener clara una v\u00eda de escape si el nivel de agua o marea alcanza valores peligrosos.<\/li>\n<li>Tener en cuenta los flujos de la marea en la costa y las cotas de pleamar y bajamar, que var\u00edan con la fase lunar.<\/li>\n<li>Si viajan en transporte colectivo, como autobuses, es recomendable que el veh\u00edculo tenga cinturones. Muchos ya los tienen. Dentro deben evitar levantarse del asiento.<\/li>\n<li>En estas fechas es frecuente llevar mochilas de excursi\u00f3n en la espalda, por lo que antes de cada recorrido, se debe retirar la mochila de la espalda y colocarla en el suelo del vehiculo. Esto evitar\u00eda significativamente el riesgo sufrir lesiones en caso de accidente, tanto en caso de choque frontal como de lateral.<\/li>\n<li>El asiento central trasero es el m\u00e1s seguro sobre todo frente a impactos laterales<\/li>\n<li>Bloquee los mecanismos de apertura de las ventanillas y puertas. Consulte el manual de su veh\u00edculo para realizarlo, y aseg\u00farese de que los ni\u00f1os no asoman manos, pies o cabeza por ventanillas.<\/li>\n<li>Para la correcta colocaci\u00f3n del cintur\u00f3n de seguridad o del sistema de retenci\u00f3n:\n<ul>\n<li>La banda diagonal del cintur\u00f3n ha de pasar por la clav\u00edcula sobre el hombro y bien pegada al pecho<\/li>\n<li>La banda del vientre ha de quedar lo m\u00e1s baja posible sobre la cadera.<\/li>\n<li>Nunca se debe ir con la banda debajo del brazo o detr\u00e1s de la espalda.<\/li>\n<\/ul>\n<\/li>\n<li>Recuerda ajustar correctamente el reposacabezas de todos los ocupantes del veh\u00edculo , incluidos los de los asientos posteriores.<\/li>\n<li>Evita llevar objetos sueltos. Aunque el menor no viaje en ese momento la sillita infantil o elevador siempre debe ir sujeta, ya que es un objeto que puede salir despedido y golpear tanto al resto de ocupantes como al propio conductor.<\/li>\n<li>No bajar la guardia en trayectos cortos o conocidos como urbanizaciones cerradas de monta\u00f1a o playa, utilizando siempre los dispositivos y elementos de seguridad (cintur\u00f3n, casco, sillita infantil correctamente colocada, \u2026 ).<\/li>\n<li>Al bajarnos del veh\u00edculo aunque solo sea un momento o para realizar alguna comprobaci\u00f3n evite hacerlo con \u00e9ste arrancado ni con las llaves puestas.<\/li>\n<li>No dejar a beb\u00e9s o ni\u00f1os solos dentro del veh\u00edculo. Aunque sea por poco tiempo, puede sufrir un golpe de calor en pocos minutos.<\/li>\n<li>El casco de protecci\u00f3n es siempre obligatorio cuando se circula en motocicleta.<\/li>\n<\/ul>\n<p>[\/vc_column_text]<style>.ld_button_69f2d57b83ec1 .btn-icon{color:rgb(0, 0, 0);margin-right:12px !important;}.ld_button_69f2d57b83ec1.btn-icon-solid .btn-icon{background:rgb(171, 242, 227);}<\/style><a href=\"https:\/\/www.ventanafamilias.es\/prevencion-de-accidentes\/movilidad-segura\/\" target=\"_blank\" class=\"btn btn-underlined text-uppercase btn-bordered border-thin btn-icon-left btn-icon-sm btn-icon-circle btn-icon-solid botonenlace ld_button_69f2d57b83ec1\">\n\t<span>\n\t\t\n\t\t\t\t\t<span class=\"btn-txt\">\u2018Movilidad Segura\u2019 en \u2018Ventana Abierta a la Familia\u2019<\/span>\n\t\t\t\n\t<span class=\"btn-icon\"><i class=\"fa fa-file-pdf-o\"><\/i><\/span>\t\t\t<\/span>\n<\/a>\n<style>.ld_button_69f2d57b8439d .btn-icon{color:rgb(0, 0, 0);margin-right:12px !important;}.ld_button_69f2d57b8439d.btn-icon-solid .btn-icon{background:rgb(171, 242, 227);}<\/style><a href=\"https:\/\/www.ventanafamilias.es\/prevencion-de-accidentes\/seguridad-en-el-automovil\/\" target=\"_blank\" class=\"btn btn-underlined text-uppercase btn-bordered border-thin btn-icon-left btn-icon-sm btn-icon-circle btn-icon-solid botonenlace ld_button_69f2d57b8439d\">\n\t<span>\n\t\t\n\t\t\t\t\t<span class=\"btn-txt\">\u2018Seguridad en el autom\u00f3vil\u2019 en \u2018Ventana Abierta a la Familia\u2019<\/span>\n\t\t\t\n\t<span class=\"btn-icon\"><i class=\"fa fa-file-pdf-o\"><\/i><\/span>\t\t\t<\/span>\n<\/a>\n<\/p>\n\t\t\t<\/div>\n\t\t<\/div>\n\t<\/div>\n<\/div>[\/vc_column][\/vc_row][vc_row gap=&#8221;30&#8243; equal_height=&#8221;yes&#8221; css=&#8221;.vc_custom_1559586508620{margin-bottom: 4px !important;padding-top: 40px !important;padding-bottom: 40px !important;}&#8221;][vc_column][vc_separator][\/vc_column][\/vc_row][vc_row css=&#8221;.vc_custom_1559597130566{border-bottom-width: 60px !important;}&#8221;][vc_column]<style>.ld_section_title_69f2d57b84b49 h4{color:rgb(238, 73, 35);}<\/style><header class=\"fancy-title ld_section_title_69f2d57b84b49 vc_custom_1559666765414\">\n\t<h4><i class=\"fa fa-life-ring\"><\/i> Ahogamientos y zambullidas en piscinas, mar, lagos, r\u00edos...<\/h4>\t\t<\/header>[vc_column_text el_class=&#8221;milista&#8221; css=&#8221;.vc_custom_1559666781944{padding-bottom: 40px !important;}&#8221;]La asfixia por inmersi\u00f3n o ahogamiento es una causa frecuente de muerte en verano. Son la segunda causa de mortalidad infantil entre los ni\u00f1os de uno a cuatro a\u00f1os y se producen con mayor frecuencia en las piscinas privadas que en las p\u00fablicas.[\/vc_column_text]<style>.vc_accordion_69f2d57b853bf .accordion-title{font-size:19px;line-height:1.5em;}.vc_accordion_69f2d57b853bf .accordion-title a{color:rgb(0, 0, 0);background:rgb(171, 242, 227);}.vc_accordion_69f2d57b853bf .active .accordion-title a{color:rgb(0, 0, 0);background:rgb(171, 242, 227);}.vc_accordion_69f2d57b853bf .accordion-title a, .vc_accordion_69f2d57b853bf .accordion-item{border-color:rgb(255, 255, 255);}.vc_accordion_69f2d57b853bf .active .accordion-title a, .vc_accordion_69f2d57b853bf .accordion-item.active{border-color:rgb(255, 255, 255);}.vc_accordion_69f2d57b853bf .accordion-expander{color:rgb(159, 159, 159);}.vc_accordion_69f2d57b853bf .active .accordion-expander{color:rgb(15, 109, 44);}<\/style><div class=\"accordion accordion-sm accordion-active-has-fill accordion-body-underlined accordion-expander-lg vc_accordion_69f2d57b853bf\" id=\"vc_accordion_69f2d57b853bf\" role=\"tablist\" aria-multiselectable=\"true\">\n\n\t<div class=\"accordion-item panel  active \">\n\n\t\t<div class=\"accordion-heading\" role=\"tab\" id=\"heading_ld-1559666735734-77eeb03e-3fb1\">\n\t\t\t<h4 class=\"accordion-title\">\n\t\t\t\t<a class=\"\" data-toggle=\"collapse\" data-parent=\"#vc_accordion_69f2d57b853bf\" href=\"#ld-1559666735734-77eeb03e-3fb1\" aria-expanded=\"true\" aria-controls=\"ld-1559666735734-77eeb03e-3fb1\">\n\t\t\t\t\t\n\t\t\t\t\t\n\t\t\t\t\tRecomendaciones\n\t\t\t\t\t\t\t\t\t\t<span class=\"accordion-expander\">\n\t\t\t\t\t\t<i class=\"icon-arrows_circle_plus\"><\/i>\n\t\t\t\t\t\t<i class=\"icon-arrows_circle_minus\"><\/i>\n\t\t\t\t\t<\/span>\n\t\t\t\t\t\n\t\t\t\t<\/a>\n\t\t\t\t\n\t\t\t<\/h4>\n\t\t<\/div>\n\n\t\t<div id=\"ld-1559666735734-77eeb03e-3fb1\" class=\"accordion-collapse collapse in\" role=\"tabpanel\" aria-labelledby=\"heading_ld-1559666735734-77eeb03e-3fb1\">\n\t\t\t<div class=\"accordion-content\">\n\t\t\t<p>[vc_column_text el_class=&#8221;milista&#8221;]<\/p>\n<ul>\n<li>Las piscinas deben estar valladas y cierre de seguridad que evite su apertura por menores.<\/li>\n<li>En piscinas y playas usar manguitos y flotadores homologados para los menores aunque no sustituye la continua vigilancia de las personas adultas.<\/li>\n<li>Es muy importante que aprendan a nadar cuanto antes. Eso evitar\u00eda riesgos en caso de ca\u00edda accidental en piscinas.<\/li>\n<li>En las piscinas p\u00fablicas y en las zonas de aguas abiertas como las playas es recomendable identificar al socorrista para poder acudir a \u00e9l r\u00e1pidamente ante cualquier emergencia y seguir sus indicaciones.<\/li>\n<li>Es fundamental que traten de evitar pr\u00e1cticas peligrosas como las ahogadillas o los saltos de cabeza.<\/li>\n<li>No permitir que corran o se den empujones alrededor de la piscina; podr\u00edan resbalar o caer dentro del agua.<\/li>\n<li>No permitir jugar con las rejillas o accesorios de limpieza de la piscina.<\/li>\n<li>Al lanzarse al agua es mejor hacerlo sin piruetas y lo m\u00e1s lejos posible del borde.<\/li>\n<li>Mantener lejos de la piscina aparatos el\u00e9ctricos de cualquier tipo.<br \/>\nNo entrar descalzos o mojados en el habit\u00e1culo de la depuradora de la piscina ni manipular aparatos el\u00e9ctricos en tales circunstancias.<\/li>\n<li>En los r\u00edos, pantanos o lagos, y en las playas del litoral que no est\u00e9n habilitadas para el ba\u00f1o, existen muchos peligros para tu integridad y tu salud. Siempre que sea posible, procura ba\u00f1arte en zonas vigiladas; as\u00ed, en el caso de que te ocurriera algo, podr\u00edas pedir ayuda.<\/li>\n<li>B\u00e1\u00f1ate en aguas habilitadas para ello, respetando las balizas de se\u00f1alizaci\u00f3n de zona de ba\u00f1o, para evitar ser arrollados y golpeados por veh\u00edculos acu\u00e1ticos (motos, embarcaciones, \u2026 )<\/li>\n<li>Evita entrar bruscamente en el agua, sobre todo despu\u00e9s de haber tomado el sol o haber comido.<\/li>\n<li>Mientras hacemos la digesti\u00f3n \u201cdebemos evitar el ba\u00f1o\u201d. Es recomendable esperar unas dos horas tras una comida abundante.<\/li>\n<li>Debemos salir inmediatamente del agua y advertir a socorristas o personas cercanas en caso de que notemos alg\u00fan s\u00edntoma anormal; dolor de cabeza o nuca, escalofr\u00edos, fatiga, mareos, v\u00e9rtigos, picores, calambres \u2026<\/li>\n<li>No tirarse de cabeza en lugares de fondo desconocido dado que puede haber poca profundidad y nos golpeemos la cabeza contra el fondo (piscina) o rocas y piedras (playa) produciendo un traumatismo craneoencef\u00e1lico (TCE) o lesi\u00f3n medular espinal, pudiendo causar tetraplejia o paraplejia.<\/li>\n<li>Si nos tiramos de cabeza al agua, siempre hay que poner los brazos extendidos por delante.<\/li>\n<li>No debemos arriesgarnos a salvar a alguien en apuros en el agua si no estamos adiestrados y preparados para ello. Es recomendable lanzarle alg\u00fan objeto flotador, dar la voz de alarma y pedir ayuda, dado los riesgos que conlleva tanto para rescatados como la propia v\u00edctima.<\/li>\n<\/ul>\n<p>[\/vc_column_text]<\/p>\n\t\t\t<\/div>\n\t\t<\/div>\n\t<\/div>\n\t<div class=\"accordion-item panel  \">\n\n\t\t<div class=\"accordion-heading\" role=\"tab\" id=\"heading_ld-1559666735830-e63221fd-b272\">\n\t\t\t<h4 class=\"accordion-title\">\n\t\t\t\t<a class=\"collapsed\" data-toggle=\"collapse\" data-parent=\"#vc_accordion_69f2d57b853bf\" href=\"#ld-1559666735830-e63221fd-b272\" aria-expanded=\"false\" aria-controls=\"ld-1559666735830-e63221fd-b272\">\n\t\t\t\t\t\n\t\t\t\t\t\n\t\t\t\t\tMateriales\n\t\t\t\t\t\t\t\t\t\t<span class=\"accordion-expander\">\n\t\t\t\t\t\t<i class=\"icon-arrows_circle_plus\"><\/i>\n\t\t\t\t\t\t<i class=\"icon-arrows_circle_minus\"><\/i>\n\t\t\t\t\t<\/span>\n\t\t\t\t\t\n\t\t\t\t<\/a>\n\t\t\t\t\n\t\t\t<\/h4>\n\t\t<\/div>\n\n\t\t<div id=\"ld-1559666735830-e63221fd-b272\" class=\"accordion-collapse collapse\" role=\"tabpanel\" aria-labelledby=\"heading_ld-1559666735830-e63221fd-b272\">\n\t\t\t<div class=\"accordion-content\">\n\t\t\t<style>.ld_button_69f2d57b850d8.btn-icon-solid:hover .btn-icon{background:rgb(14, 109, 44);}.ld_button_69f2d57b850d8 .btn-icon{color:rgb(0, 0, 0);margin-right:12px !important;}.ld_button_69f2d57b850d8:hover .btn-icon{color:rgb(255, 255, 255);}.ld_button_69f2d57b850d8.btn-icon-solid .btn-icon{background:rgb(171, 242, 227);}.ld_button_69f2d57b850d8:hover{color:rgb(0, 0, 0);}.ld_button_69f2d57b850d8:after{background:rgba(0, 0, 0, 0);}.ld_button_69f2d57b850d8.btn-bordered:hover{border-color:rgba(0, 0, 0, 0);}<\/style><a href=\"https:\/\/www.veranoysaludandalucia.es\/2020\/wp-content\/uploads\/sites\/7\/2019\/06\/folleto_accidentes_agua.pdf\" target=\"_blank\" class=\"btn btn-underlined text-uppercase btn-bordered border-thin btn-icon-left btn-icon-sm btn-icon-circle btn-icon-solid botonenlace ld_button_69f2d57b850d8\">\n\t<span>\n\t\t\n\t\t\t\t\t<span class=\"btn-txt\">Folleto Prevenci\u00f3n de Accidentes en el agua<\/span>\n\t\t\t\n\t<span class=\"btn-icon\"><i class=\"fa fa-file-pdf-o\"><\/i><\/span>\t\t\t<\/span>\n<\/a>\n\n\t\t\t<\/div>\n\t\t<\/div>\n\t<\/div>\n<\/div>[\/vc_column][\/vc_row][vc_row gap=&#8221;30&#8243; equal_height=&#8221;yes&#8221; css=&#8221;.vc_custom_1559586508620{margin-bottom: 4px !important;padding-top: 40px !important;padding-bottom: 40px !important;}&#8221;][vc_column][vc_separator][\/vc_column][\/vc_row][vc_row css=&#8221;.vc_custom_1559597130566{border-bottom-width: 60px !important;}&#8221;][vc_column]<style>.ld_section_title_69f2d57b856d4 h4{color:rgb(238, 73, 35);}<\/style><header class=\"fancy-title ld_section_title_69f2d57b856d4 vc_custom_1559667166641\">\n\t<h4><i class=\"fa fa-flask\"><\/i> Intoxicaciones, ca\u00eddas y golpes en domicilios, zonas de ocio y parques infantiles<\/h4>\t\t<\/header>[vc_column_text el_class=&#8221;milista&#8221; css=&#8221;.vc_custom_1559667203089{padding-bottom: 40px !important;}&#8221;]En este apartado se ofrecen consejos y recomendaciones para prevenir accidentes en distintos entornos, como el hogar, las zonas de ocio y los parques infantiles:[\/vc_column_text]<style>.vc_accordion_69f2d57b85b54 .accordion-title{font-size:19px;line-height:1.5em;}.vc_accordion_69f2d57b85b54 .accordion-title a{color:rgb(0, 0, 0);background:rgb(171, 242, 227);}.vc_accordion_69f2d57b85b54 .active .accordion-title a{color:rgb(0, 0, 0);background:rgb(171, 242, 227);}.vc_accordion_69f2d57b85b54 .accordion-title a, .vc_accordion_69f2d57b85b54 .accordion-item{border-color:rgb(255, 255, 255);}.vc_accordion_69f2d57b85b54 .active .accordion-title a, .vc_accordion_69f2d57b85b54 .accordion-item.active{border-color:rgb(255, 255, 255);}.vc_accordion_69f2d57b85b54 .accordion-expander{color:rgb(159, 159, 159);}.vc_accordion_69f2d57b85b54 .active .accordion-expander{color:rgb(15, 109, 44);}<\/style><div class=\"accordion accordion-sm accordion-active-has-fill accordion-body-underlined accordion-expander-lg vc_accordion_69f2d57b85b54\" id=\"vc_accordion_69f2d57b85b54\" role=\"tablist\" aria-multiselectable=\"true\">\n\n\t<div class=\"accordion-item panel  active \">\n\n\t\t<div class=\"accordion-heading\" role=\"tab\" id=\"heading_ld-1559667101914-a4e1996e-a908\">\n\t\t\t<h4 class=\"accordion-title\">\n\t\t\t\t<a class=\"\" data-toggle=\"collapse\" data-parent=\"#vc_accordion_69f2d57b85b54\" href=\"#ld-1559667101914-a4e1996e-a908\" aria-expanded=\"true\" aria-controls=\"ld-1559667101914-a4e1996e-a908\">\n\t\t\t\t\t\n\t\t\t\t\t\n\t\t\t\t\tEn el domicilio\n\t\t\t\t\t\t\t\t\t\t<span class=\"accordion-expander\">\n\t\t\t\t\t\t<i class=\"icon-arrows_circle_plus\"><\/i>\n\t\t\t\t\t\t<i class=\"icon-arrows_circle_minus\"><\/i>\n\t\t\t\t\t<\/span>\n\t\t\t\t\t\n\t\t\t\t<\/a>\n\t\t\t\t\n\t\t\t<\/h4>\n\t\t<\/div>\n\n\t\t<div id=\"ld-1559667101914-a4e1996e-a908\" class=\"accordion-collapse collapse in\" role=\"tabpanel\" aria-labelledby=\"heading_ld-1559667101914-a4e1996e-a908\">\n\t\t\t<div class=\"accordion-content\">\n\t\t\t<p>[vc_column_text el_class=&#8221;milista&#8221;]La segunda vivienda o la de alquiler debe ser una prolongaci\u00f3n de nuestra vivienda habitual desde el punto de vista de la seguridad. Por ello, es nuestra responsabilidad adoptar todas las medidas necesarias que garanticen minimizar el riesgo de sufrir un accidente dom\u00e9stico en nuestro hogar.<\/p>\n<ul>\n<li>Es muy importante contar con detectores de humo en los domicilios. Son efectivos, fiables y de bajo coste y ayudar a reducir los incendios en el hogar en un 71%.<\/li>\n<li>Es preciso contar con extintores colocados adecuadamente.<\/li>\n<li>Para evitar descargas el\u00e9ctricas al utilizar el secador se aconseja mantener el suelo seco, llevar calzado o tener una alfombrilla bajo los pies, y nunca dejar el secador en el lavabo.<\/li>\n<li>Debemos tener cuidado con enchufes, escaleras, picos de los muebles, cajones y objetos de cristal\u2026Se recomienda que los enchufes est\u00e9n protegidos.<\/li>\n<li>Poner topes en puertas para evitar que se pillen los dedos.<\/li>\n<li>Las alfombras deben estar fijadas al suelo y sin arrugas.<\/li>\n<li>Para que una terraza sea segura debe tener una barandilla con una altura y separaci\u00f3n de barrotes adecuada. Adem\u00e1s debemos evitar que haya cerca macetas, sillas o mesas y otros objetos donde los menores puedan trepar.<br \/>\nInstalar rejas en ventanas que puedan abrirse por personas adultas en caso de incendio.<\/li>\n<li>Las escaleras deben estar protegidas con puertas de seguridad en la parte superior e inferior.<\/li>\n<li>Siempre hay que bajar las escaleras con las manos desocupadas y agarr\u00e1ndose al pasamanos.<\/li>\n<li>Al montarse en ascensor, ni\u00f1os y ni\u00f1as deben estar siempre acompa\u00f1ados y colocarse lejos de la puerta para evitar pillarse los dedos.<\/li>\n<li>Utilizar alfombrillas antideslizantes tanto dentro como fuera de la ba\u00f1era.<\/li>\n<li>Mantener productos t\u00f3xicos, como colonias, lej\u00edas, cremas, y objetos cortantes como cuchillos, corta u\u00f1as y maquinillas de afeitar lejos del alcance de los menores, o en cajones con bloqueadores de cierre.<\/li>\n<li>Los productos de limpieza los almacenaremos en sus envases originales, sin trasvasarlos a botellas de agua u otros recipientes que puedan confundir y producir envenenamientos o quemaduras en boca y en el aparato digestivo.<\/li>\n<li>Hay que tener mucho cuidado con los medicamentos y el botiqu\u00edn preparado para las vacaciones. El peor lugar para guardarlos es la mesita de noche. Hay que buscar sitios que sean de dif\u00edcil acceso para ni\u00f1os y ni\u00f1as o con cerradura de seguridad.<\/li>\n<li>En la cuna de viaje no dejar juguetes ni cojines dentro que le permitan escalar.<\/li>\n<li>Los beb\u00e9s no deben dormir con adultos, especialmente en colchones ni camas de la residencia veraniega, para evitar asfixias y aplastamientos.<\/li>\n<li>Debemos evitar que ni\u00f1os y ni\u00f1as est\u00e9n en la cocina mientras preparamos la comida, prestando especial cuidado a que mangos de cacerolas y sartenes no sobresalgan de la encimera. Se recomienda colocar elementos de barrera que protejan la zona de cocci\u00f3n.<\/li>\n<li>Fijar las estanter\u00edas a la pared y no colocar objetos pesados en las baldas superiores.<\/li>\n<li>Si disponemos de literas en habitaciones no se deben usar como \u00e1rea de juego. Los hermanos mayores son los que deben dormir en las camas superiores y los peque\u00f1os en las inferiores, no debiendo usar la cama superior menores de 6 a\u00f1os. Del mismo modo deben utilizar las camas inferiores ni\u00f1os y ni\u00f1as con trastornos del sue\u00f1o o eneuresis.<\/li>\n<li>Las rejas en ventanas deben poder abrirse por personas adultas en caso de incendio.<\/li>\n<\/ul>\n<p>[\/vc_column_text]<\/p>\n\t\t\t<\/div>\n\t\t<\/div>\n\t<\/div>\n\t<div class=\"accordion-item panel  \">\n\n\t\t<div class=\"accordion-heading\" role=\"tab\" id=\"heading_ld-1559667102031-a244471f-a09a\">\n\t\t\t<h4 class=\"accordion-title\">\n\t\t\t\t<a class=\"collapsed\" data-toggle=\"collapse\" data-parent=\"#vc_accordion_69f2d57b85b54\" href=\"#ld-1559667102031-a244471f-a09a\" aria-expanded=\"false\" aria-controls=\"ld-1559667102031-a244471f-a09a\">\n\t\t\t\t\t\n\t\t\t\t\t\n\t\t\t\t\tEn zonas de ocio y parques infantiles\n\t\t\t\t\t\t\t\t\t\t<span class=\"accordion-expander\">\n\t\t\t\t\t\t<i class=\"icon-arrows_circle_plus\"><\/i>\n\t\t\t\t\t\t<i class=\"icon-arrows_circle_minus\"><\/i>\n\t\t\t\t\t<\/span>\n\t\t\t\t\t\n\t\t\t\t<\/a>\n\t\t\t\t\n\t\t\t<\/h4>\n\t\t<\/div>\n\n\t\t<div id=\"ld-1559667102031-a244471f-a09a\" class=\"accordion-collapse collapse\" role=\"tabpanel\" aria-labelledby=\"heading_ld-1559667102031-a244471f-a09a\">\n\t\t\t<div class=\"accordion-content\">\n\t\t\t<p>[vc_column_text el_class=&#8221;milista&#8221;]<\/p>\n<ul>\n<li>En castillos y toboganes hinchables hay que prestar especial atenci\u00f3n para prevenir ca\u00eddas y golpes por un excesivo n\u00famero de ni\u00f1os y ni\u00f1as jugando a la vez o en atracciones no adecuadas a su edad.<\/li>\n<li>Porter\u00edas, canastas y otros elementos deportivos en zonas de ocio deben estar debidamente anclados al suelo para evitar su vuelco, incluso en caso de uso inadecuado de los ni\u00f1os y ni\u00f1as.<\/li>\n<li>En los parques infantiles se recomienda jugar en las zonas habilitadas a su edad<\/li>\n<li>Comprobar, antes de subirse a cualquier instalaci\u00f3n, que no hay bordes cortantes u oxidados ni arena o cristales, y el correcto anclaje de los columpios o elementos deportivos (porter\u00edas, canastas,\u2026 )<\/li>\n<li>No bajarse de los columpios en movimiento.<\/li>\n<li>No empujar a otros ni\u00f1os y ni\u00f1as en toboganes, castillos hinchables u otros aparatos de juegos.<\/li>\n<li>Ense\u00f1arles las normas de seguridad y limpieza.<\/li>\n<\/ul>\n<p>[\/vc_column_text]<\/p>\n\t\t\t<\/div>\n\t\t<\/div>\n\t<\/div>\n<\/div>[\/vc_column][\/vc_row][vc_row css=&#8221;.vc_custom_1559597088657{margin-bottom: 0px !important;border-bottom-width: 0px !important;}&#8221;][vc_column][vc_separator]<header class=\"fancy-title ld_section_title_69f2d57b85e8a vc_custom_1559667894517\">\n\t<h2>M\u00e1s informaci\u00f3n<\/h2>\t\t<\/header>[\/vc_column][\/vc_row][vc_row][vc_column]<div class=\"tabs tabs-nav-side tabs-nav-side-alt tabs-nav-side-block ld_tabs_69f2d57b86aa1\" >\n\t<ul class=\"nav tabs-nav\" role=\"tablist\"><li role=\"presentation\" class=\"h5 active\"><a href=\"#1559667914124-d928bd2f-bb54\" aria-expanded=\"false\" aria-controls=\"1559667914124-d928bd2f-bb54\" role=\"tab\" data-toggle=\"tab\">Efectos indirectos a considerar<\/a><\/li><li role=\"presentation\" class=\"h5\"><a href=\"#1559667914191-b371e340-63f2\" aria-expanded=\"false\" aria-controls=\"1559667914191-b371e340-63f2\" role=\"tab\" data-toggle=\"tab\">Qu\u00e9 hacer en caso de accidente o emergencia<\/a><\/li><\/ul>\t<div class=\"tabs-content\"><div id=\"1559667914124-d928bd2f-bb54\" role=\"tabpanel\" class=\"tabs-pane fade active in\"><p>[vc_column_text el_class=&#8221;milista&#8221;]Debemos usar gafas de protecci\u00f3n solar de alta calidad, que filtren las radiaciones, ya que las lentes inadecuadas pueden producir da\u00f1os como queratitis y a largo plazo, cataratas.<\/p>\n<p>En el ba\u00f1o, tanto en piscinas como en mar, es conveniente quitarse las lentillas oculares o usar gafas de nataci\u00f3n neutras sobre las lentillas. Suelen existir productos qu\u00edmicos, necesarios para mantener el agua en buen estado, que irrita los ojos en circunstancias normales, y pueden causar muchos problemas, e incluso pueden habitar bacterias que enferman el ojo produciendo infecciones muy importantes para la salud.<\/p>\n<p>Debido a la humedad y el calor en verano son m\u00e1s frecuentes las infecciones por hongos, ya que aumenta su proliferaci\u00f3n Se multiplican en aquellas donde existe roce entre dos superficies cut\u00e1neas, como los dedos de los pies, las ingles o bajo las mamas. El m\u00e1s t\u00edpico de todos es el \u201cpie de atleta\u201d, que se localiza normalmente en los dedos de los pies. Es conveniente por tanto adoptar medidas preventivas en los gimnasios, piscinas, duchas, y zonas p\u00fablicas donde se est\u00e1 en contacto directo con la humedad. Es recomendable siempre evitar ir descalzo y utilizar zapatillas o chanclas en estos espacios. Utilizar zapatos transpirables o descubiertos durante el resto del d\u00eda. Debemos secarnos muy bien despu\u00e9s de la ducha, especialmente las zonas de pliegues (entre los dedos de los pies, ingles y debajo de las mamas las mujeres\u2026) Para evitar el contagio a otras personas no compartir toallas ni intercambiar ropas con otras personas.<\/p>\n<p>Si tenemos pensado viajar a destinos internacionales es conveniente ponerlo en conocimiento de nuestro m\u00e9dico, dado que en algunos casos es preciso realizar vacunaci\u00f3n previa con bastante antelaci\u00f3n.<br \/>\nEs conveniente preparar un botiqu\u00edn de viaje, para lo cual es fundamental conocer las caracter\u00edsticas del lugar de destino y la duraci\u00f3n del mismo.[\/vc_column_text]<\/p>\n<\/div><div id=\"1559667914191-b371e340-63f2\" role=\"tabpanel\" class=\"tabs-pane fade\"><p><style>.ld_section_title_69f2d57b86393 h2{color:rgb(238, 73, 35);}<\/style><header class=\"fancy-title ld_section_title_69f2d57b86393 vc_custom_1559668230217\">\n\t<h2><i class=\"fa fa-hand-o-right\"><\/i> Llame al 112 (sin prefijo): disponible las 24 horas del d\u00eda, los 365 d\u00edas del a\u00f1o.<\/h2>\t\t<\/header>[vc_column_text el_class=&#8221;milista&#8221;]El n\u00famero de tel\u00e9fono 112 est\u00e1 establecido como un n\u00famero \u00fanico de asistencia al ciudadano ante cualquier tipo de emergencia (sanitaria, de extinci\u00f3n de incendios y salvamento o seguridad ciudadana\u2026) en la Uni\u00f3n Europea.<\/p>\n<p>Es una numeraci\u00f3n gratuita, y prefijada. Los tel\u00e9fonos m\u00f3viles pueden llamar al 112 siempre que haya cobertura GSM de alg\u00fan operador, sea \u00e9ste o no quien presta el servicio al llamante, porque todas las redes atienden este tipo de llamadas gratuitamente.<\/p>\n<ul>\n<li>Mantenga la calma y d\u00e9jese guiar respondiendo a sus preguntas de forma ordenada. Le atender\u00e1 un profesional con experiencia.<\/li>\n<li>Describa exactamente lo que suceda, no lo que le parece que sucede.<br \/>\nInforme del lugar\/direcci\u00f3n de la emergencia o accidente de la forma m\u00e1s exacta.<\/li>\n<li>Obtenga y diga, si los conoce, los antecedentes m\u00e9dicos, la medicaci\u00f3n que toma el paciente, tiempo desde el inicio del motivo de la llamada\u2026<\/li>\n<li>Detalle otros datos de la victima: edad aproximada, sexo\u2026<\/li>\n<li>No cuelgue el tel\u00e9fono hasta que se lo indiquen: pueden ayudarle d\u00e1ndole consejos e indicaciones y\/o necesitar m\u00e1s datos importantes.<\/li>\n<\/ul>\n<p>[\/vc_column_text]<style>.ld_spacer_69f2d57b865fd{height:20px;}<\/style>\n<div class=\"ld-empty-space ld_spacer_69f2d57b865fd\"><span class=\"liquid_empty_space_inner\"><\/span><\/div><style>.ld_section_title_69f2d57b86870 h2{color:rgb(238, 73, 35);}<\/style><header class=\"fancy-title ld_section_title_69f2d57b86870 vc_custom_1559668254836\">\n\t<h2><i class=\"fa fa-hand-o-right\"><\/i> En caso de accidente de tr\u00e1fico:<\/h2>\t\t<\/header>[vc_column_text el_class=&#8221;milista&#8221;]<\/p>\n<ul>\n<li>Prot\u00e9jase y proteja a los heridos, se\u00f1alando la zona.<\/li>\n<li>Aparque bien su coche para evitar otro accidente y avise a los dem\u00e1s conductores.<\/li>\n<li>Apague el motor del veh\u00edculo accidentado.<\/li>\n<li>Recuerde la hora, m\u00e1s tarde se la preguntar\u00e1n. Inf\u00f3rmese del n\u00famero de heridos, del tipo de accidente y de la localizaci\u00f3n exacta.<\/li>\n<li><strong>Llame al 112 o 061<\/strong>. Siga todas las instrucciones que le den por tel\u00e9fono, siempre es en beneficio de los heridos. No los mueva, no quite nunca el casco a los motoristas.<\/li>\n<li>Si hay heridas que sangran con abundancia, t\u00e1pelas con un pa\u00f1o limpio y apri\u00e9telas con la mano mientras llega la asistencia sanitaria.<\/li>\n<\/ul>\n<p>[\/vc_column_text]<\/p>\n<\/div><\/div><\/div>\n[\/vc_column][\/vc_row]<\/p>\n<\/div>","protected":false},"excerpt":{"rendered":"<p>[vc_row full_width=&#8221;stretch_row&#8221; gap=&#8221;0&#8243; css=&#8221;.vc_custom_1622477793018{margin-top: 0px !important;margin-right: 0px !important;margin-bottom: 0px !important;margin-left: 0px !important;padding-top: 0px !important;padding-right: 0px !important;padding-bottom: 0px !important;padding-left: 0px !important;}&#8221;][vc_column css=&#8221;.vc_custom_1622142216200{margin: 0px !important;padding: 0px !important;border: 0px initial !important;}&#8221;][vc_single_image image=&#8221;2616&#8243; img_size=&#8221;full&#8221; alignment=&#8221;center&#8221;][\/vc_column][\/vc_row][vc_row gap=&#8221;0&#8243; css=&#8221;.vc_custom_1622144126385{margin-top: 0px !important;margin-right: 0px !important;margin-bottom: 0px !important;margin-left: 0px !important;border-top-width: 0px !important;border-right-width: 0px !important;border-bottom-width: 0px !important;border-left-width: 0px !important;padding-top: 0px !important;padding-right: 0px !important;padding-bottom: 0px !important;padding-left: [&hellip;]<\/p>\n","protected":false},"author":75,"featured_media":0,"parent":0,"menu_order":0,"comment_status":"closed","ping_status":"closed","template":"","meta":{"footnotes":""},"class_list":["post-77","page","type-page","status-publish","hentry"],"_links":{"self":[{"href":"https:\/\/www.veranoysaludandalucia.es\/2024\/wp-json\/wp\/v2\/pages\/77","targetHints":{"allow":["GET"]}}],"collection":[{"href":"https:\/\/www.veranoysaludandalucia.es\/2024\/wp-json\/wp\/v2\/pages"}],"about":[{"href":"https:\/\/www.veranoysaludandalucia.es\/2024\/wp-json\/wp\/v2\/types\/page"}],"author":[{"embeddable":true,"href":"https:\/\/www.veranoysaludandalucia.es\/2024\/wp-json\/wp\/v2\/users\/75"}],"replies":[{"embeddable":true,"href":"https:\/\/www.veranoysaludandalucia.es\/2024\/wp-json\/wp\/v2\/comments?post=77"}],"version-history":[{"count":50,"href":"https:\/\/www.veranoysaludandalucia.es\/2024\/wp-json\/wp\/v2\/pages\/77\/revisions"}],"predecessor-version":[{"id":2687,"href":"https:\/\/www.veranoysaludandalucia.es\/2024\/wp-json\/wp\/v2\/pages\/77\/revisions\/2687"}],"wp:attachment":[{"href":"https:\/\/www.veranoysaludandalucia.es\/2024\/wp-json\/wp\/v2\/media?parent=77"}],"curies":[{"name":"wp","href":"https:\/\/api.w.org\/{rel}","templated":true}]}}